{"id":5996,"date":"2019-07-28T15:36:56","date_gmt":"2019-07-28T13:36:56","guid":{"rendered":"https:\/\/www.esaf2019.ch\/fr\/?page_id=5996"},"modified":"2019-07-28T15:36:56","modified_gmt":"2019-07-28T13:36:56","slug":"ceremonie-officielle","status":"publish","type":"page","link":"https:\/\/www.esaf2019.ch\/fr\/ceremonie-officielle\/","title":{"rendered":"C\u00e9r\u00e9monie officielle"},"content":{"rendered":"<\/div><\/div><\/div><!-- close content main div --><\/div><\/div><div id='av_section_1' class='avia-section header_color avia-section-default avia-no-border-styling avia-full-stretch avia-bg-style-scroll  av-minimum-height av-minimum-height-25 container_wrap sidebar_right' style = 'background-repeat: no-repeat; background-image: url(https:\/\/www.esaf2019.ch\/wp-content\/uploads\/2019\/07\/header_festakt.jpg); background-attachment: scroll; background-position: top center; ' data-section-bg-repeat='stretch' ><div class='container' ><div class='template-page content  av-content-small alpha units'><div class='post-entry post-entry-type-page post-entry-5996'><div class='entry-content-wrapper clearfix'><\/div><\/div><\/div><!-- close content main div --><\/div><\/div><div id='after_section_1' class='main_color av_default_container_wrap container_wrap sidebar_right'   ><div class='container' ><div class='template-page content  av-content-small alpha units'><div class='post-entry post-entry-type-page post-entry-5996'><div class='entry-content-wrapper clearfix'>\n<div style='padding-bottom:20px;font-size:35px;' class='av-special-heading av-special-heading-h1  blockquote modern-quote   av-thin-font av-inherit-size'><h1 class='av-special-heading-tag'  itemprop=\"headline\"  >Festakt<strong>.<\/strong><\/h1><div class='special-heading-border'><div class='special-heading-inner-border' ><\/div><\/div><\/div>\n<section class=\"av_textblock_section\"  itemscope=\"itemscope\" itemtype=\"https:\/\/schema.org\/CreativeWork\" ><div class='avia_textblock '   itemprop=\"text\" ><p>Der Festakt beinhaltet nebst Ansprachen und der offiziellen Fahnen\u00fcbergabe an die Zuger Delegation zwei musikalische H\u00f6hepunkte. Christoph Walter, seines Zeichens Komponist, Multinstrumentalist und Dirigent arrangiert speziell f\u00fcr den Festakt ein musikalisches Potpurri, das von \u00fcber 600 teilnehmenden Gruppierungen in der Schwingarena visuell eindr\u00fccklich umgesetzt wird. Dabei begegnen sich Volks- und Blasmusik sowie orchestrale Kl\u00e4nge mit Alph\u00f6rnern und Trychlern und verschmelzen zum eigenen Schwingfest Leckerbissen.<\/p>\n<p>Gespannt sein darf man auch auf den Auftritt der \u00abB\u00fcetzer Buebe\u00bb. G\u00f6l\u00e4 und Trauffer haben ihre Bands vereint. Entstanden ist ein Mix aus rockig-melodi\u00f6sem G\u00f6l\u00e4-Sound und \u00d6rgeli-Mitsing-Trauffer-Stil. Das Resultat: Handgemachte Gute-Laune-Musik und der offizielle ESAF-Song \u00abMaa g\u00e4ge Maa\u00bb, der am Festakt zusammen mit 250 T\u00e4nzerinnen und T\u00e4nzer live uraufgef\u00fchrt wird.<\/p>\n<\/div><\/section>\n<div class=\"flex_column av_one_full  flex_column_div av-zero-column-padding first  \" style='border-radius:0px; '><div style='padding-bottom:20px;' class='av-special-heading av-special-heading-h3  blockquote modern-quote  av-thin-font'><h3 class='av-special-heading-tag'  itemprop=\"headline\"  >Mitwirkende<strong>.<\/strong><\/h3><div class='special-heading-border'><div class='special-heading-inner-border' ><\/div><\/div><\/div><\/div>\n<div class=\"flex_column av_one_fifth  flex_column_div av-zero-column-padding first  \" style='border-radius:0px; '><div class='avia-image-container  av-styling-   avia-align-center '  itemscope=\"itemscope\" itemtype=\"https:\/\/schema.org\/ImageObject\"  ><div class='avia-image-container-inner'><img class='avia_image ' src='https:\/\/www.esaf2019.ch\/wp-content\/uploads\/2019\/07\/ChristophWalter-300x200.jpg' alt='' title=''   itemprop=\"thumbnailUrl\"  \/><\/div><\/div><\/div>\n<div class=\"flex_column av_four_fifth  flex_column_div av-zero-column-padding   \" style='border-radius:0px; '><p><div style='padding-bottom:20px;' class='av-special-heading av-special-heading-h6  blockquote modern-quote   av-thin-font'><h6 class='av-special-heading-tag'  itemprop=\"headline\"  >Christoph Walter Orchestra<strong>.<\/strong><\/h6><div class='special-heading-border'><div class='special-heading-inner-border' ><\/div><\/div><\/div><br \/>\n<section class=\"av_textblock_section\"  itemscope=\"itemscope\" itemtype=\"https:\/\/schema.org\/CreativeWork\" ><div class='avia_textblock '   itemprop=\"text\" ><p>Wo andere musikalische Grenzen sehen, erwachst Christoph Walters Lust daran, Best\u00e4ndiges mit Neuem zu kombinieren. Stilrichtungen kennt er h\u00f6chstens, um sie zu durchbrechen: Volksmusik, Blasmusik, orchestrale Kl\u00e4nge oder Unterhaltungsmusik verschmelzen zu einem eigenen Sound, den er zusammen mit seinem eigenen Orchester auf grossen B\u00fchnen der Schweiz (Basel Tattoo, Art on Ice etc.) und eben beim Festakt des Eidgen\u00f6ssischen Schwing- und \u00c4lplerfests pr\u00e4sentiert.<\/p>\n<p><a href=\"https:\/\/www.christophwalter.ch\" target=\"_blank\" rel=\"noopener noreferrer\">www.christophwalter.ch<\/a><\/p>\n<\/div><\/section><\/p><\/div>\n<div  class='hr hr-full hr-no-shadow '><span class='hr-inner ' ><span class='hr-inner-style'><\/span><\/span><\/div>\n<div class=\"flex_column av_one_fifth  flex_column_div av-zero-column-padding first  \" style='border-radius:0px; '><div class='avia-image-container  av-styling-   avia-align-center '  itemscope=\"itemscope\" itemtype=\"https:\/\/schema.org\/ImageObject\"  ><div class='avia-image-container-inner'><img class='avia_image ' src='https:\/\/www.esaf2019.ch\/wp-content\/uploads\/2019\/07\/buezterbuebe-300x200.jpg' alt='' title=''   itemprop=\"thumbnailUrl\"  \/><\/div><\/div><\/div>\n<div class=\"flex_column av_four_fifth  flex_column_div av-zero-column-padding   \" style='border-radius:0px; '><p><div style='padding-bottom:20px;' class='av-special-heading av-special-heading-h6  blockquote modern-quote  av-thin-font'><h6 class='av-special-heading-tag'  itemprop=\"headline\"  >B\u00fcetzer Buebe<strong>.<\/strong><\/h6><div class='special-heading-border'><div class='special-heading-inner-border' ><\/div><\/div><\/div><br \/>\n<section class=\"av_textblock_section\"  itemscope=\"itemscope\" itemtype=\"https:\/\/schema.org\/CreativeWork\" ><div class='avia_textblock '   itemprop=\"text\" ><p>G\u00f6l\u00e4 und Trauffer sind die erfolgreichsten Schweizer Mundartmusiker unserer Zeit \u2013 der letzten 20 Jahre. Sie sind echte B\u00fcetzer, gelernte Handwerker, die heute mit ihrer Musik Generationen bewegen und vereinen. Jetzt sind sie die B\u00fcetzer Buebe \u2013 und vereinen alle ihre Musiker zu einer gemeinsamen Band. Was durch Zufall entstanden ist, wird zum gr\u00f6ssten Schweizer Musikprojekt aller Zeiten. Sie singen den offiziellen ESAF-Song \u00abMaa g\u00e4ge Maa\u00bb erstmals live zusammen mit 250 T\u00e4nzerinnen und T\u00e4nzer.<\/p>\n<p><a href=\"https:\/\/buetzer-buebe.ch\" target=\"_blank\" rel=\"noopener noreferrer\">buetzer-buebe.ch<\/a><\/p>\n<\/div><\/section><\/p><\/div>\n<div  class='hr hr-full hr-no-shadow '><span class='hr-inner ' ><span class='hr-inner-style'><\/span><\/span><\/div>\n<div class=\"flex_column av_one_fifth  flex_column_div av-zero-column-padding first  \" style='border-radius:0px; '><div class='avia-image-container  av-styling-   avia-align-center '  itemscope=\"itemscope\" itemtype=\"https:\/\/schema.org\/ImageObject\"  ><div class='avia-image-container-inner'><img class='avia_image ' src='https:\/\/www.esaf2019.ch\/wp-content\/uploads\/2019\/07\/zugerblasmusik-1-300x200.jpg' alt='' title=''   itemprop=\"thumbnailUrl\"  \/><\/div><\/div><\/div>\n<div class=\"flex_column av_four_fifth  flex_column_div av-zero-column-padding   \" style='border-radius:0px; '><p><div style='padding-bottom:20px;' class='av-special-heading av-special-heading-h6  blockquote modern-quote  av-thin-font'><h6 class='av-special-heading-tag'  itemprop=\"headline\"  >Zuger Blasmusik Verband<strong>.<\/strong><\/h6><div class='special-heading-border'><div class='special-heading-inner-border' ><\/div><\/div><\/div><br \/>\n<section class=\"av_textblock_section\"  itemscope=\"itemscope\" itemtype=\"https:\/\/schema.org\/CreativeWork\" ><div class='avia_textblock '   itemprop=\"text\" ><p>Dem Zuger Blasmusikverband sind insgesamt 12 Blasorchester aus 10 Zuger Gemeinden angeschlossen. So vereinen sich im Kanton Zug \u00fcber 600 aktive Musikantinnen und Musikanten, wovon rund 200 am Festakt des eidgen\u00f6ssischen Schwingfestes teilnehmen. Die einzelnen Musikvereine setzen sich aus 11 Harmonieformationen und einer Brass Band zusammen. Das Spektrum der Leistungsklassen erstreckt sich von der dritten St\u00e4rkeklasse bis zur H\u00f6chstklasseformationen.<\/p>\n<p><a href=\"http:\/\/www.zuger-blasmusikverband.ch\" target=\"_blank\" rel=\"noopener noreferrer\">www.zuger-blasmusikverband.ch<\/a><\/p>\n<\/div><\/section><\/p><\/div>\n<div  class='hr hr-full hr-no-shadow '><span class='hr-inner ' ><span class='hr-inner-style'><\/span><\/span><\/div>\n<div class=\"flex_column av_one_fifth  flex_column_div av-zero-column-padding first  \" style='border-radius:0px; '><div class='avia-image-container  av-styling-   avia-align-center '  itemscope=\"itemscope\" itemtype=\"https:\/\/schema.org\/ImageObject\"  ><div class='avia-image-container-inner'><img class='avia_image ' src='https:\/\/www.esaf2019.ch\/wp-content\/uploads\/2019\/07\/trychlergruppe_unteraegeri-300x200.jpg' alt='' title=''   itemprop=\"thumbnailUrl\"  \/><\/div><\/div><\/div>\n<div class=\"flex_column av_four_fifth  flex_column_div av-zero-column-padding   \" style='border-radius:0px; '><p><div style='padding-bottom:20px;' class='av-special-heading av-special-heading-h6  blockquote modern-quote  av-thin-font'><h6 class='av-special-heading-tag'  itemprop=\"headline\"  >Trychlergruppe Unter\u00e4geri<strong>.<\/strong><\/h6><div class='special-heading-border'><div class='special-heading-inner-border' ><\/div><\/div><\/div><br \/>\n<section class=\"av_textblock_section\"  itemscope=\"itemscope\" itemtype=\"https:\/\/schema.org\/CreativeWork\" ><div class='avia_textblock '   itemprop=\"text\" ><p>Am 14.September 1988 gr\u00fcndeten 20 junge Burschen aus Unter\u00e4geri die \u201eTrychlergruppe Unter\u00e4geri\u201c. Der Grund war ein altes Brauchtum, n\u00e4mlich das \u201eChlausesl\u00e4\u201c aufrecht zu erhalten. Dieser Brauch geht bis in das 17. Jahrhundert zur\u00fcck. H\u00f6hepunkt bildet f\u00fcr die \u201eTrychlergruppe Unter\u00e4geri\u201c der 5.Dezember. Dann marschieren \u201eSamichlaus, Schmutzli, die Geislenchl\u00e4pfer, Infulntr\u00e4ger und Trychler zu den Bauernh\u00f6fen, um die Kinder mit allerlei S\u00fcssigkeiten zu beschenken. Jedes dritte Jahr findet irgendwo in der Schweiz ein eidgen\u00f6ssisches Scheller und Trychlertreffen statt. Das Letzte wurde Ende August 2017 in M\u00e4rstetten besucht.\u00a0Heute besteht die Trychlerguppe Unter\u00e4geri aus 40Mitgliedern. Alle besitzen eigene\u00a0Trycheln und Bissen mit sch\u00f6n bestickten Riemen. Bekleidet ist die Gruppe mit schwarzen Hosen, weissem Hirtenhemd und einer schwarzen Zipfelm\u00fctze.Die Trychlergruppe Unter\u00e4geri will ein altes Brauchtum erhalten und diese Tradition weitergeben.<\/p>\n<\/div><\/section><\/p><\/div>\n<div  class='hr hr-full hr-no-shadow '><span class='hr-inner ' ><span class='hr-inner-style'><\/span><\/span><\/div>\n<div class=\"flex_column av_one_fifth  flex_column_div av-zero-column-padding first  \" style='border-radius:0px; '><div class='avia-image-container  av-styling-   avia-align-center '  itemscope=\"itemscope\" itemtype=\"https:\/\/schema.org\/ImageObject\"  ><div class='avia-image-container-inner'><a href='https:\/\/www.esaf2019.ch\/fr\/wp-content\/uploads\/2017\/06\/ESAF-2019-Zug_Bilderpool_S26-1030x695.jpg' class='avia_image'  ><img class='avia_image ' src='https:\/\/www.esaf2019.ch\/fr\/wp-content\/uploads\/2017\/06\/ESAF-2019-Zug_Bilderpool_S26-300x203.jpg' alt='ESAF Zug - Eidg. Schwing- und \u00c4lplerfest 2019' title='ESAF Zug - Eidg. Schwing- und \u00c4lplerfest 2019'  itemprop=\"thumbnailUrl\"  \/><\/a><\/div><\/div><\/div>\n<div class=\"flex_column av_four_fifth  flex_column_div av-zero-column-padding   \" style='border-radius:0px; '><p><div style='padding-bottom:20px;' class='av-special-heading av-special-heading-h6  blockquote modern-quote  av-thin-font'><h6 class='av-special-heading-tag'  itemprop=\"headline\"  >Zentralschweizer Jodlerverband<strong>.<\/strong><\/h6><div class='special-heading-border'><div class='special-heading-inner-border' ><\/div><\/div><\/div><br \/>\n<section class=\"av_textblock_section\"  itemscope=\"itemscope\" itemtype=\"https:\/\/schema.org\/CreativeWork\" ><div class='avia_textblock '   itemprop=\"text\" ><p>Der Zentralschweizerische Jodlerverband (ZSJV) ist der zweit\u00e4lteste Unterverband des Eidgen\u00f6ssischen Jodlerverbandes und wurde 1922 gegr\u00fcndet. Er deckt die\u00a0sieben Kantone Uri, Schwyz, Obwalden, Nidwalden, Luzern,\u00a0Zug und Tessin ab.<\/p>\n<p>Der Zentralschweizerische Jodlerverband\u00a0 ZSJV steht als modern gef\u00fchrter Verband da, der rund 4000 Mitglieder hat, die sich aus Einzel- und Gruppenmitglieder zusammensetzen. 10 der 137 Jodlerklubs nehmen am Festakt des Eidgen\u00f6ssischen Schwing- und \u00c4lplerfestes teil und repr\u00e4sentieren damit eine stark verwurzelte Tradition in der Region.<\/p>\n<p><a href=\"http:\/\/www.zsjv.ch\/\">www.zsjv.ch<\/a><\/p>\n<\/div><\/section><\/p><\/div>\n<div  class='hr hr-full hr-no-shadow '><span class='hr-inner ' ><span class='hr-inner-style'><\/span><\/span><\/div>\n<div class=\"flex_column av_one_fifth  flex_column_div av-zero-column-padding first  \" style='border-radius:0px; '><div class='avia-image-container  av-styling-   avia-align-center '  itemscope=\"itemscope\" itemtype=\"https:\/\/schema.org\/ImageObject\"  ><div class='avia-image-container-inner'><img class='avia_image ' src='https:\/\/www.esaf2019.ch\/wp-content\/uploads\/2018\/08\/schwingenweb-3-von-14-300x200.jpg' alt='' title=''   itemprop=\"thumbnailUrl\"  \/><\/div><\/div><\/div>\n<div class=\"flex_column av_four_fifth  flex_column_div av-zero-column-padding   \" style='border-radius:0px; '><p><div style='padding-bottom:20px;' class='av-special-heading av-special-heading-h6  blockquote modern-quote  av-thin-font'><h6 class='av-special-heading-tag'  itemprop=\"headline\"  >Fahnenschwinger<strong>.<\/strong><\/h6><div class='special-heading-border'><div class='special-heading-inner-border' ><\/div><\/div><\/div><br \/>\n<section class=\"av_textblock_section\"  itemscope=\"itemscope\" itemtype=\"https:\/\/schema.org\/CreativeWork\" ><div class='avia_textblock '   itemprop=\"text\" ><p>Es sieht einfach aus, ist es aber nicht: Fahnenschwinger wirbeln ihre flatternden Ger\u00e4te durch die L\u00fcfte und strahlen dabei eine bewundernswerte Ruhe aus. Diese Leichtigkeit ist hart antrainiert: Jede noch so kleine hastige Bewegung macht die Kunst zunichte. Und eine Kunst ist es, 99 verschiedene Schw\u00fcnge ebenso sicher mit der linken wie mit der rechten Hand zu beherrschen. Fahnenschwinger d\u00fcrfen an einem Volksfest wie das ESAF nicht fehlen und sind beim Festakt ein wichtiges visuelles Element zur Musik.<\/p>\n<\/div><\/section><\/p><\/div>\n<div  class='hr hr-full hr-no-shadow '><span class='hr-inner ' ><span class='hr-inner-style'><\/span><\/span><\/div>\n<div class=\"flex_column av_one_fifth  flex_column_div av-zero-column-padding first  \" style='border-radius:0px; '><div class='avia-image-container  av-styling-   avia-align-center '  itemscope=\"itemscope\" itemtype=\"https:\/\/schema.org\/ImageObject\"  ><div class='avia-image-container-inner'><a href='https:\/\/www.esaf2019.ch\/fr\/wp-content\/uploads\/2018\/08\/einjahr-2-von-43.jpg' class='avia_image'  ><img class='avia_image ' src='https:\/\/www.esaf2019.ch\/fr\/wp-content\/uploads\/2018\/08\/einjahr-2-von-43-300x200.jpg' alt='' title='einjahr (2 von 43)'  itemprop=\"thumbnailUrl\"  \/><\/a><\/div><\/div><\/div><div class=\"flex_column av_four_fifth  flex_column_div av-zero-column-padding   \" style='border-radius:0px; '><p><div style='padding-bottom:20px;' class='av-special-heading av-special-heading-h6  blockquote modern-quote  av-thin-font'><h6 class='av-special-heading-tag'  itemprop=\"headline\"  >Alphorn<strong>.<\/strong><\/h6><div class='special-heading-border'><div class='special-heading-inner-border' ><\/div><\/div><\/div><br \/>\n<section class=\"av_textblock_section\"  itemscope=\"itemscope\" itemtype=\"https:\/\/schema.org\/CreativeWork\" ><div class='avia_textblock '   itemprop=\"text\" ><p>Das Alphorn geh\u00f6rt aufgrund seiner Anblastechnik zu den Blechblasinstrumenten, obwohl es traditionell \u00fcberwiegend aus Holz gefertigt wird. Es besitzt weder Klappen, Z\u00fcge noch Ventile und ist daher bez\u00fcglich der zu spielenden T\u00f6ne auf die Naturtonreihe beschr\u00e4nkt. In der Schweiz erfreut sich das Alphorn allgemeiner Beliebtheit und ist bei einem Volksfest mit Volksmusik und Fahnenschwingen nicht wegzudenken.<\/p>\n<\/div><\/section><\/p><\/div><\/p>\n<div  class='hr hr-full hr-no-shadow '><span class='hr-inner ' ><span class='hr-inner-style'><\/span><\/span><\/div>\n<div class=\"flex_column av_one_fifth  flex_column_div av-zero-column-padding first  \" style='border-radius:0px; '><div class='avia-image-container  av-styling-   avia-align-center '  itemscope=\"itemscope\" itemtype=\"https:\/\/schema.org\/ImageObject\"  ><div class='avia-image-container-inner'><img class='avia_image ' src='https:\/\/www.esaf2019.ch\/wp-content\/uploads\/2019\/07\/voicesteps-300x181.jpg' alt='' title=''   itemprop=\"thumbnailUrl\"  \/><\/div><\/div><\/div>\n<div class=\"flex_column av_four_fifth  flex_column_div av-zero-column-padding   \" style='border-radius:0px; '><p><div style='padding-bottom:20px;' class='av-special-heading av-special-heading-h6  blockquote modern-quote  av-thin-font'><h6 class='av-special-heading-tag'  itemprop=\"headline\"  >Musicalschule VoiceSteps<strong>.<\/strong><\/h6><div class='special-heading-border'><div class='special-heading-inner-border' ><\/div><\/div><\/div><br \/>\n<section class=\"av_textblock_section\"  itemscope=\"itemscope\" itemtype=\"https:\/\/schema.org\/CreativeWork\" ><div class='avia_textblock '   itemprop=\"text\" ><p>Der Verein VoiceSteps wurde im Sommer 2004 gegr\u00fcndet und ging aus der zwanzigj\u00e4hrigen Arbeit des Jugendchores der Musikschulen Cham und Steinhausen hervor. In der MusicalschuleVoiceSteps werden \u00fcber 200 Kinder, Jugendliche und junge Erwachsene von 5 bis 25 Jahren in vier Altersabteilungen w\u00f6chentlich von einem professionellen Team von Fachpersonen aus dem Musicalbereich unterrichtet. Zum Unterricht geh\u00f6rt auch die regelm\u00e4ssige Umsetzung hochstehender Musicalproduktionen. Immer wieder wachsen aus der Schule grosse Talente heran, die in der Schweiz und international auf den professionellen Musicalb\u00fchnen zu sehen sind. Die aussergew\u00f6hnliche Qualit\u00e4t der VoiceSteps Produktionen wurde im Rahmen des Europ\u00e4ischen Jugend Musical Wettbewerbs in den letzten vier Austragungen jeweils mit dem Goldaward f\u00fcr die Produktion und die Leistung zahlreicher Jugendlichen mit Einzelawards ausgezeichnet.<\/p>\n<p><a href=\"http:\/\/www.voicesteps.ch\" target=\"_blank\" rel=\"noopener noreferrer\">www.voicesteps.ch<\/a><\/p>\n<\/div><\/section><\/p><\/div>\n","protected":false},"excerpt":{"rendered":"","protected":false},"author":9,"featured_media":0,"parent":0,"menu_order":0,"comment_status":"closed","ping_status":"closed","template":"","meta":{"footnotes":""},"class_list":["post-5996","page","type-page","status-publish","hentry"],"_links":{"self":[{"href":"https:\/\/www.esaf2019.ch\/fr\/wp-json\/wp\/v2\/pages\/5996","targetHints":{"allow":["GET"]}}],"collection":[{"href":"https:\/\/www.esaf2019.ch\/fr\/wp-json\/wp\/v2\/pages"}],"about":[{"href":"https:\/\/www.esaf2019.ch\/fr\/wp-json\/wp\/v2\/types\/page"}],"author":[{"embeddable":true,"href":"https:\/\/www.esaf2019.ch\/fr\/wp-json\/wp\/v2\/users\/9"}],"replies":[{"embeddable":true,"href":"https:\/\/www.esaf2019.ch\/fr\/wp-json\/wp\/v2\/comments?post=5996"}],"version-history":[{"count":3,"href":"https:\/\/www.esaf2019.ch\/fr\/wp-json\/wp\/v2\/pages\/5996\/revisions"}],"predecessor-version":[{"id":6000,"href":"https:\/\/www.esaf2019.ch\/fr\/wp-json\/wp\/v2\/pages\/5996\/revisions\/6000"}],"wp:attachment":[{"href":"https:\/\/www.esaf2019.ch\/fr\/wp-json\/wp\/v2\/media?parent=5996"}],"curies":[{"name":"wp","href":"https:\/\/api.w.org\/{rel}","templated":true}]}}